{"id":33,"date":"2017-01-26T19:09:04","date_gmt":"2017-01-26T19:09:04","guid":{"rendered":"http:\/\/dhumanidades.xoc.uam.mx\/?page_id=33"},"modified":"2017-02-27T17:54:54","modified_gmt":"2017-02-27T17:54:54","slug":"invitados","status":"publish","type":"page","link":"https:\/\/dhumanidades.xoc.uam.mx\/?page_id=33","title":{"rendered":"N\u00facleo Acad\u00e9mico Asociado"},"content":{"rendered":"<p>&nbsp;<br \/>\n&nbsp;<br \/>\n&nbsp;<br \/>\n&nbsp;<br \/>\n&nbsp;<br \/>\n\n        <div class=\"profile-boxes\">\n            <div class=\"row\">\n        <div class=\"col-sm-6 profile-box\">\n          <div class=\"row\">\n            <div class=\"col-sm-4\">\n              <a class=\"image-link\" data-lightbox data-lightbox-gallery=\"team\" href=\"https:\/\/dhumanidades.xoc.uam.mx\/wp-content\/uploads\/2017\/02\/EduardoAndi\u00f3n3.jpg\" title=\"Dr. Eduardo Andi\u00f3n\">\n                <i class=\"fa-icon-envelope-alt\"><\/i>\n                <img loading=\"lazy\" decoding=\"async\" alt=\"David Doe\" width=\"165\" height=\"165\" src=\"https:\/\/dhumanidades.xoc.uam.mx\/wp-content\/uploads\/2017\/02\/EduardoAndi\u00f3n3.jpg\" \/>\n              <\/a>\n            <\/div>\n            <div class=\"col-sm-8\">\n              <h3 class=\"name\">Dr. Eduardo Andi\u00f3n<\/h3>\n              <h4 class=\"position\">Profesor-investigador de tiempo completo titular 'C' de la Universidad Aut\u00f3noma Metropolitana, Unidad Xochimilco<\/h4>\n              <p><\/p>\n              <div class=\"links\">\n                <a title=\"Dr. Eduardo Andi\u00f3n\" href=\"https:\/\/dhumanidades.xoc.uam.mx\/?page_id=713\" target=\"_blank\">Semblanza Curricular<\/a>\n              <\/div>\n            <\/div>\n          <\/div>\n        <\/div>\n    \n        <div class=\"col-sm-6 profile-box\">\n          <div class=\"row\">\n            <div class=\"col-sm-4\">\n              <a class=\"image-link\" data-lightbox data-lightbox-gallery=\"team\" href=\"https:\/\/dhumanidades.xoc.uam.mx\/wp-content\/uploads\/2017\/02\/DSC_0073-e1486397290528.jpg\" title=\"Dr. Mauricio Andi\u00f3n\">\n                <i class=\"fa-icon-envelope-alt\"><\/i>\n                <img loading=\"lazy\" decoding=\"async\" alt=\"David Doe\" width=\"165\" height=\"165\" src=\"https:\/\/dhumanidades.xoc.uam.mx\/wp-content\/uploads\/2017\/02\/DSC_0073-e1486397290528.jpg\" \/>\n              <\/a>\n            <\/div>\n            <div class=\"col-sm-8\">\n              <h3 class=\"name\">Dr. Mauricio Andi\u00f3n<\/h3>\n              <h4 class=\"position\">Profesor-investigador de tiempo completo titular 'C' de la Universidad Aut\u00f3noma Metropolitana, Unidad Xochimilco<\/h4>\n              <p><\/p>\n              <div class=\"links\">\n                <a title=\"Dr. Mauricio Andi\u00f3n\" href=\"https:\/\/dhumanidades.xoc.uam.mx\/?page_id=497\" target=\"_blank\">Semblanza Curricular<\/a>\n              <\/div>\n            <\/div>\n          <\/div>\n        <\/div>\n    <\/div><div class=\"row\">\n        <div class=\"col-sm-6 profile-box\">\n          <div class=\"row\">\n            <div class=\"col-sm-4\">\n              <a class=\"image-link\" data-lightbox data-lightbox-gallery=\"team\" href=\"https:\/\/dhumanidades.xoc.uam.mx\/wp-content\/uploads\/2017\/02\/DSC_0380-e1486396961798.jpg\" title=\"Dra. Tatiana Sor\u00f3kina\">\n                <i class=\"fa-icon-envelope-alt\"><\/i>\n                <img loading=\"lazy\" decoding=\"async\" alt=\"David Doe\" width=\"165\" height=\"165\" src=\"https:\/\/dhumanidades.xoc.uam.mx\/wp-content\/uploads\/2017\/02\/DSC_0380-e1486396961798.jpg\" \/>\n              <\/a>\n            <\/div>\n            <div class=\"col-sm-8\">\n              <h3 class=\"name\">Dra. Tatiana Sor\u00f3kina<\/h3>\n              <h4 class=\"position\">Profesora-investigadora de tiempo completo titular 'C' de la Universidad Aut\u00f3noma Metropolitana, Unidad Xochimilco<\/h4>\n              <p><\/p>\n              <div class=\"links\">\n                <a title=\"Dra. Tatiana Sorokina\" href=\"https:\/\/dhumanidades.xoc.uam.mx\/?page_id=499\" target=\"_blank\">Semblanza Curricular<\/a>\n              <\/div>\n            <\/div>\n          <\/div>\n        <\/div>\n    \n        <div class=\"col-sm-6 profile-box\">\n          <div class=\"row\">\n            <div class=\"col-sm-4\">\n              <a class=\"image-link\" data-lightbox data-lightbox-gallery=\"team\" href=\"https:\/\/dhumanidades.xoc.uam.mx\/wp-content\/uploads\/2017\/02\/Taller-mexicana_0.jpg\" title=\"Dra. Araceli Soni\">\n                <i class=\"fa-icon-envelope-alt\"><\/i>\n                <img loading=\"lazy\" decoding=\"async\" alt=\"David Doe\" width=\"165\" height=\"165\" src=\"https:\/\/dhumanidades.xoc.uam.mx\/wp-content\/uploads\/2017\/02\/Taller-mexicana_0.jpg\" \/>\n              <\/a>\n            <\/div>\n            <div class=\"col-sm-8\">\n              <h3 class=\"name\">Dra. Araceli Soni<\/h3>\n              <h4 class=\"position\">Profesora-investigadora de tiempo completo titular 'C' de la Universidad Aut\u00f3noma Metropolitana, Unidad Xochimilco<\/h4>\n              <p><\/p>\n              <div class=\"links\">\n                <a title=\"Dra. Araceli Soni\" href=\"https:\/\/dhumanidades.xoc.uam.mx\/?page_id=501\" target=\"_blank\">Semblanza Curricular<\/a>\n              <\/div>\n            <\/div>\n          <\/div>\n        <\/div>\n    <\/div><div class=\"row\">\n        <div class=\"col-sm-6 profile-box\">\n          <div class=\"row\">\n            <div class=\"col-sm-4\">\n              <a class=\"image-link\" data-lightbox data-lightbox-gallery=\"team\" href=\"https:\/\/dhumanidades.xoc.uam.mx\/wp-content\/uploads\/2017\/02\/clementina.jpg\" title=\"Dra. Clementina Battcock\">\n                <i class=\"fa-icon-envelope-alt\"><\/i>\n                <img loading=\"lazy\" decoding=\"async\" alt=\"David Doe\" width=\"165\" height=\"165\" src=\"https:\/\/dhumanidades.xoc.uam.mx\/wp-content\/uploads\/2017\/02\/clementina.jpg\" \/>\n              <\/a>\n            <\/div>\n            <div class=\"col-sm-8\">\n              <h3 class=\"name\">Dra. Clementina Battcock<\/h3>\n              <h4 class=\"position\">Profesora-investigadora titular 'B' de la Direcci\u00f3n de Estudios Hist\u00f3ricos del Instituto Nacional de Antropolog\u00eda e Historia<\/h4>\n              <p>Miembro del Sistema Nacional de Investigadores (SNI) nivel I<\/p>\n              <div class=\"links\">\n                <a title=\"Dra. Clementina Battcock\" href=\"https:\/\/dhumanidades.xoc.uam.mx\/?page_id=716\" target=\"_blank\">Semblanza Curricular<\/a>\n              <\/div>\n            <\/div>\n          <\/div>\n        <\/div>\n    \n        <div class=\"col-sm-6 profile-box\">\n          <div class=\"row\">\n            <div class=\"col-sm-4\">\n              <a class=\"image-link\" data-lightbox data-lightbox-gallery=\"team\" href=\"https:\/\/dhumanidades.xoc.uam.mx\/wp-content\/uploads\/2017\/02\/liliana-1.jpg\" title=\"Dra. Lilia Rebeca Rodr\u00edguez\">\n                <i class=\"fa-icon-envelope-alt\"><\/i>\n                <img loading=\"lazy\" decoding=\"async\" alt=\"David Doe\" width=\"165\" height=\"165\" src=\"https:\/\/dhumanidades.xoc.uam.mx\/wp-content\/uploads\/2017\/02\/liliana-1.jpg\" \/>\n              <\/a>\n            <\/div>\n            <div class=\"col-sm-8\">\n              <h3 class=\"name\">Dra. Lilia Rebeca Rodr\u00edguez<\/h3>\n              <h4 class=\"position\">Profesora-investigadora titular \u201cB\u201d de tiempo completo en la Universidad Aut\u00f3noma Metropolitana, Unidad Xochimilco<\/h4>\n              <p>info<\/p>\n              <div class=\"links\">\n                <a title=\"Dra. Lilia Rebeca Rodr\u00edguez\" href=\"https:\/\/dhumanidades.xoc.uam.mx\/?page_id=737\" target=\"_blank\">Semblanza Curricular<\/a>\n              <\/div>\n            <\/div>\n          <\/div>\n        <\/div>\n    <\/div><div class=\"row\">\n        <div class=\"col-sm-6 profile-box\">\n          <div class=\"row\">\n            <div class=\"col-sm-4\">\n              <a class=\"image-link\" data-lightbox data-lightbox-gallery=\"team\" href=\"https:\/\/dhumanidades.xoc.uam.mx\/wp-content\/uploads\/2017\/02\/Claudia-Arroyo-490x326.jpg\" title=\"Dra. Claudia Arroyo\">\n                <i class=\"fa-icon-envelope-alt\"><\/i>\n                <img loading=\"lazy\" decoding=\"async\" alt=\"David Doe\" width=\"165\" height=\"165\" src=\"https:\/\/dhumanidades.xoc.uam.mx\/wp-content\/uploads\/2017\/02\/Claudia-Arroyo-490x326.jpg\" \/>\n              <\/a>\n            <\/div>\n            <div class=\"col-sm-8\">\n              <h3 class=\"name\">Dra. Claudia Arroyo<\/h3>\n              <h4 class=\"position\">Profesora-Investigadora Titular 'C'  de la Universidad Aut\u00f3noma Metropolitana, Unidad Cuajimalpa<\/h4>\n              <p> Miembro del Sistema Nacional de Investigadores (SNI) nivel 1<\/p>\n              <div class=\"links\">\n                <a title=\"Dra. Claudia Arroyo\" href=\"https:\/\/dhumanidades.xoc.uam.mx\/?page_id=744\" target=\"_blank\">Semblanza Curricular<\/a>\n              <\/div>\n            <\/div>\n          <\/div>\n        <\/div>\n    \n        <div class=\"col-sm-6 profile-box\">\n          <div class=\"row\">\n            <div class=\"col-sm-4\">\n              <a class=\"image-link\" data-lightbox data-lightbox-gallery=\"team\" href=\"https:\/\/dhumanidades.xoc.uam.mx\/wp-content\/uploads\/2017\/02\/saavedra-2-e1487173849296.jpg\" title=\"Dra. Isis Saavedra Luna\">\n                <i class=\"fa-icon-envelope-alt\"><\/i>\n                <img loading=\"lazy\" decoding=\"async\" alt=\"David Doe\" width=\"165\" height=\"165\" src=\"https:\/\/dhumanidades.xoc.uam.mx\/wp-content\/uploads\/2017\/02\/saavedra-2-e1487173849296.jpg\" \/>\n              <\/a>\n            <\/div>\n            <div class=\"col-sm-8\">\n              <h3 class=\"name\">Dra. Isis Saavedra Luna<\/h3>\n              <h4 class=\"position\">Profesora-investigadora de tiempo completo titular 'C' de la Universidad Aut\u00f3noma Metropolitana, Unidad Xochimilco<\/h4>\n              <p>info<\/p>\n              <div class=\"links\">\n                <a title=\"Dra. Isis Saavedra Luna\" href=\"https:\/\/dhumanidades.xoc.uam.mx\/?page_id=505\" target=\"_blank\">Semblanza Curricular<\/a>\n              <\/div>\n            <\/div>\n          <\/div>\n        <\/div>\n    <\/div>\n        <\/div>\n    <\/p>\n","protected":false},"excerpt":{"rendered":"<p>&nbsp; &nbsp; &nbsp; &nbsp; &nbsp;<\/p>\n","protected":false},"author":1,"featured_media":0,"parent":0,"menu_order":0,"comment_status":"open","ping_status":"open","template":"template-empty-fullwidth.php","meta":{"footnotes":""},"class_list":["post-33","page","type-page","status-publish","hentry"],"_links":{"self":[{"href":"https:\/\/dhumanidades.xoc.uam.mx\/index.php?rest_route=\/wp\/v2\/pages\/33","targetHints":{"allow":["GET"]}}],"collection":[{"href":"https:\/\/dhumanidades.xoc.uam.mx\/index.php?rest_route=\/wp\/v2\/pages"}],"about":[{"href":"https:\/\/dhumanidades.xoc.uam.mx\/index.php?rest_route=\/wp\/v2\/types\/page"}],"author":[{"embeddable":true,"href":"https:\/\/dhumanidades.xoc.uam.mx\/index.php?rest_route=\/wp\/v2\/users\/1"}],"replies":[{"embeddable":true,"href":"https:\/\/dhumanidades.xoc.uam.mx\/index.php?rest_route=%2Fwp%2Fv2%2Fcomments&post=33"}],"version-history":[{"count":51,"href":"https:\/\/dhumanidades.xoc.uam.mx\/index.php?rest_route=\/wp\/v2\/pages\/33\/revisions"}],"predecessor-version":[{"id":987,"href":"https:\/\/dhumanidades.xoc.uam.mx\/index.php?rest_route=\/wp\/v2\/pages\/33\/revisions\/987"}],"wp:attachment":[{"href":"https:\/\/dhumanidades.xoc.uam.mx\/index.php?rest_route=%2Fwp%2Fv2%2Fmedia&parent=33"}],"curies":[{"name":"wp","href":"https:\/\/api.w.org\/{rel}","templated":true}]}}